{"id":25,"date":"2009-12-23T23:13:11","date_gmt":"2009-12-23T22:13:11","guid":{"rendered":"http:\/\/www.grupohipnosiscopcv.es\/wordpress\/?page_id=25"},"modified":"2026-04-12T06:57:04","modified_gmt":"2026-04-12T05:57:04","slug":"cargos","status":"publish","type":"page","link":"https:\/\/www.grupohipnosiscopcv.es\/wordpress\/acerca-de\/cargos\/","title":{"rendered":"Cargos"},"content":{"rendered":"<p><strong>EQUIPO ACTUAL<\/strong><\/p>\n<ul>\n<li>Antonio Capafons Bonet &#8211; Responsable<\/li>\n<li>Adelaida Gonz\u00e1lez P\u00e9rez &#8211; Secretaria<\/li>\n<li>Ana Alarc\u00f3n Aguilar<\/li>\n<li>Ana P\u00e9rez P\u00e9rez<\/li>\n<li>Javier Llinares Segura<\/li>\n<li>Raquel Moreno Pellicer<\/li>\n<\/ul>\n<p><strong>RESPONSABLES DEL GRUPO<\/strong><\/p>\n<p>Desde 04\/02\/2025<\/p>\n<ul>\n<li>Responsable: Antonio Capafons Bonet<\/li>\n<li>Secretario: Javier Llinares Segura<\/li>\n<\/ul>\n<p>Desde 03\/11\/2022 hasta 04\/02\/2025<\/p>\n<ul>\n<li>Responsable: Antonio Capafons Bonet<\/li>\n<li>Secretaria: Adelaida Gonz\u00e1lez P\u00e9rez<\/li>\n<\/ul>\n<p>Desde 10\/11\/2020 hasta 03\/11\/2022<\/p>\n<ul>\n<li>Responsable: Alfonso Pic\u00f3 Peris<\/li>\n<li>Secretaria: Adelaida Gonz\u00e1lez P\u00e9rez<\/li>\n<\/ul>\n<p>Desde 21\/08\/2017 hasta 10\/11\/2020<\/p>\n<ul>\n<li>Responsable: Jorge Balaguer Mar\u00edn<\/li>\n<li>Secretaria: Adelaida Gonz\u00e1lez P\u00e9rez<\/li>\n<\/ul>\n<p>Desde 26\/04\/2016 hasta 21\/08\/2017<\/p>\n<ul>\n<li><span style=\"font-size: small;\">Responsable: Jorge Balaguer Mar\u00edn<\/span><\/li>\n<li><span style=\"font-size: small;\">Secretaria: Sara Calzado Lucas<\/span><\/li>\n<\/ul>\n<p>Desde 01\/12\/2014 hasta 26\/04\/2016<\/p>\n<ul>\n<li><span style=\"font-size: small;\">Responsable: Ana San Antonio V\u00e1zquez<\/span><\/li>\n<li><span style=\"font-size: small;\">Secretaria: Sara Calzado Lucas<\/span><\/li>\n<\/ul>\n<p>Desde 01\/01\/2011 hasta 30\/11\/2014<\/p>\n<ul>\n<li><span style=\"font-size: small;\">Responsable: Ana P\u00e9rez P\u00e9rez<\/span><\/li>\n<li><span style=\"font-size: small;\">Secretaria: Ana San Antonio V\u00e1zquez<\/span><\/li>\n<\/ul>\n<p>Desde 29\/10\/2008 hasta 31\/12\/2010<\/p>\n<ul>\n<li><span style=\"font-size: small;\">Responsable: Antonio Capafons Bonet<\/span><\/li>\n<li><span style=\"font-size: small;\">Secretaria: Ana P\u00e9rez P\u00e9rez<\/span><\/li>\n<\/ul>\n<p>Desde 18\/10\/2006 hasta 15\/10\/2008<\/p>\n<ul>\n<li><span style=\"font-size: small;\">Responsable: Antonio Capafons Bonet<\/span><\/li>\n<li><span style=\"font-size: small;\">Secretario: Luis Aparicio Sanz<\/span><\/li>\n<\/ul>\n<p>Desde 21\/09\/2005 hasta 18\/10\/2006<\/p>\n<ul>\n<li><span style=\"font-size: small;\">Responsable: Mar\u00eda Jos\u00e9 Mil\u00e1n Abril<\/span><\/li>\n<li><span style=\"font-size: small;\">Secretario: Antonio Ib\u00e1\u00f1ez Escriv\u00e1<\/span><\/li>\n<\/ul>\n<p>Desde 30\/09\/2004 hasta 21\/09\/2005<\/p>\n<ul>\n<li><span style=\"font-size: small;\">Responsable: Cristina Molina Fern\u00e1ndez<\/span><\/li>\n<li><span style=\"font-size: small;\">Secretaria: Mar\u00eda Jos\u00e9 Mil\u00e1n Abril<\/span><\/li>\n<\/ul>\n<p>Desde 30\/10\/2003 hasta 30\/09\/2004<\/p>\n<ul>\n<li><span style=\"font-size: small;\">Responsable: Heliodoro Blaya Gimeno<\/span><\/li>\n<li><span style=\"font-size: small;\">Secretaria: Cristina Molina Fern\u00e1ndez<\/span><\/li>\n<\/ul>\n<p>Desde 19\/12\/2002 hasta 30\/10\/2003<\/p>\n<ul>\n<li><span style=\"font-size: small;\">Responsable: Marl\u00e9n M. de Vicente<\/span><\/li>\n<li><span style=\"font-size: small;\">Secretario: Heliodoro Blaya Gimeno<\/span><\/li>\n<\/ul>\n<p>Desde 27\/06\/2002 hasta 19\/12\/2002<\/p>\n<ul>\n<li><span style=\"font-size: small;\">Responsable: Ana Alarc\u00f3n Aguilar<\/span><\/li>\n<li><span style=\"font-size: small;\">Secretario: Heliodoro Blaya Gimeno<\/span><\/li>\n<\/ul>\n<p>Desde 12\/07\/2001 hasta 27\/06\/2002<\/p>\n<ul>\n<li><span style=\"font-size: small;\">Responsable: Ana Alarc\u00f3n Aguilar<\/span><\/li>\n<li><span style=\"font-size: small;\">Secretaria: Marlen M. de Vicente<\/span><\/li>\n<\/ul>\n<p>Desde 01\/06\/2000\u00a0 hasta 12\/07\/2001<\/p>\n<ul>\n<li><span style=\"font-size: small;\">Responsable: Antonio Capafons Bonet<\/span><\/li>\n<li><span style=\"font-size: small;\">Secretaria: Ana Alarc\u00f3n Aguilar<\/span><\/li>\n<\/ul>\n<p>&nbsp;<\/p>\n<p>&nbsp;<\/p>\n","protected":false},"excerpt":{"rendered":"<p>EQUIPO ACTUAL Antonio Capafons Bonet &#8211; Responsable Adelaida Gonz\u00e1lez P\u00e9rez &#8211; Secretaria Ana Alarc\u00f3n Aguilar Ana P\u00e9rez P\u00e9rez Javier Llinares Segura Raquel Moreno Pellicer RESPONSABLES DEL GRUPO Desde 04\/02\/2025 Responsable: Antonio Capafons Bonet Secretario: Javier Llinares Segura Desde 03\/11\/2022 hasta 04\/02\/2025 Responsable: Antonio Capafons Bonet Secretaria: Adelaida Gonz\u00e1lez P\u00e9rez Desde 10\/11\/2020 hasta 03\/11\/2022 Responsable: Alfonso &hellip;<\/p>\n","protected":false},"author":12,"featured_media":0,"parent":2,"menu_order":3,"comment_status":"closed","ping_status":"closed","template":"","meta":{"footnotes":""},"categories":[123],"tags":[],"class_list":["post-25","page","type-page","status-publish","hentry","category-actividad"],"_links":{"self":[{"href":"https:\/\/www.grupohipnosiscopcv.es\/wordpress\/wp-json\/wp\/v2\/pages\/25","targetHints":{"allow":["GET"]}}],"collection":[{"href":"https:\/\/www.grupohipnosiscopcv.es\/wordpress\/wp-json\/wp\/v2\/pages"}],"about":[{"href":"https:\/\/www.grupohipnosiscopcv.es\/wordpress\/wp-json\/wp\/v2\/types\/page"}],"author":[{"embeddable":true,"href":"https:\/\/www.grupohipnosiscopcv.es\/wordpress\/wp-json\/wp\/v2\/users\/12"}],"replies":[{"embeddable":true,"href":"https:\/\/www.grupohipnosiscopcv.es\/wordpress\/wp-json\/wp\/v2\/comments?post=25"}],"version-history":[{"count":28,"href":"https:\/\/www.grupohipnosiscopcv.es\/wordpress\/wp-json\/wp\/v2\/pages\/25\/revisions"}],"predecessor-version":[{"id":2760,"href":"https:\/\/www.grupohipnosiscopcv.es\/wordpress\/wp-json\/wp\/v2\/pages\/25\/revisions\/2760"}],"up":[{"embeddable":true,"href":"https:\/\/www.grupohipnosiscopcv.es\/wordpress\/wp-json\/wp\/v2\/pages\/2"}],"wp:attachment":[{"href":"https:\/\/www.grupohipnosiscopcv.es\/wordpress\/wp-json\/wp\/v2\/media?parent=25"}],"wp:term":[{"taxonomy":"category","embeddable":true,"href":"https:\/\/www.grupohipnosiscopcv.es\/wordpress\/wp-json\/wp\/v2\/categories?post=25"},{"taxonomy":"post_tag","embeddable":true,"href":"https:\/\/www.grupohipnosiscopcv.es\/wordpress\/wp-json\/wp\/v2\/tags?post=25"}],"curies":[{"name":"wp","href":"https:\/\/api.w.org\/{rel}","templated":true}]}}